{"id":6252,"date":"2025-10-08T13:36:41","date_gmt":"2025-10-08T12:36:41","guid":{"rendered":"https:\/\/www.labaiedeslivres.com\/?page_id=6252"},"modified":"2025-12-29T17:52:23","modified_gmt":"2025-12-29T16:52:23","slug":"programme-2025","status":"publish","type":"page","link":"https:\/\/www.labaiedeslivres.com\/?page_id=6252","title":{"rendered":"PROGRAMME 2025"},"content":{"rendered":"\n<div class=\"wp-block-media-text is-stacked-on-mobile\" style=\"grid-template-columns:25% auto\"><figure class=\"wp-block-media-text__media\"><img loading=\"lazy\" decoding=\"async\" width=\"724\" height=\"1024\" src=\"https:\/\/www.labaiedeslivres.com\/wp-content\/uploads\/2025\/12\/Votre-texte-de-paragraphe-724x1024.png\" alt=\"\" class=\"wp-image-6340 size-full\" srcset=\"https:\/\/www.labaiedeslivres.com\/wp-content\/uploads\/2025\/12\/Votre-texte-de-paragraphe-724x1024.png 724w, https:\/\/www.labaiedeslivres.com\/wp-content\/uploads\/2025\/12\/Votre-texte-de-paragraphe-212x300.png 212w, https:\/\/www.labaiedeslivres.com\/wp-content\/uploads\/2025\/12\/Votre-texte-de-paragraphe-1086x1536.png 1086w, https:\/\/www.labaiedeslivres.com\/wp-content\/uploads\/2025\/12\/Votre-texte-de-paragraphe-1448x2048.png 1448w, https:\/\/www.labaiedeslivres.com\/wp-content\/uploads\/2025\/12\/Votre-texte-de-paragraphe.png 1587w\" sizes=\"auto, (max-width: 724px) 100vw, 724px\" \/><\/figure><div class=\"wp-block-media-text__content\">\n<p><strong>Rencontre avec S\u00e9bastien Gendron, qui n&rsquo;a pas pu venir pendant le salon du livre : jeudi 15 janvier aux D\u00e9ferlantes<\/strong><\/p>\n\n\n\n<p>Auteur d&rsquo;une dizaine de romans noirs et de romans ados, il est aussi r\u00e9alisateur, sc\u00e9nariste et chroniqueur. Il puise son inspiration chez les Monty Python, le cin\u00e9ma am\u00e9ricain des ann\u00e9es 1970, les livres de Jean Echenoz, Manchette, Jean-Bernard Pouy, Tim Dorsey, Jim Thompson ou Philippe Djian. Soit un univers unique aux accents volontiers loufoques&#8230;<\/p>\n<\/div><\/div>\n\n\n\n<h2 class=\"wp-block-heading\">Le week-end du 22 &amp; 23 novembre au Roudour<\/h2>\n\n\n\n<p><strong>DEDICACES : <\/strong><br \/><em>Merci de votre compr\u00e9hension : nos invit\u00e9.e.s font bien s\u00fbr des pauses, en particulier le midi. Pour tout changement, nous t\u00e2cherons de mettre les informations en ligne.<\/em><br \/><strong>Auteur.trices<\/strong> :<br \/>ADRIANSEN Sophie <br \/>AYMON Ga\u00ebl <em>(pas le dimanche apr\u00e8s-midi)<\/em><br \/>GENDRON S\u00e9bastien  <strong>venue annul\u00e9e pour raison m\u00e9dicale<\/strong><br \/>VILLIOT Bernard <em>(pas le dimanche apr\u00e8s-midi)<\/em><br \/><strong>Illustrateur.trices<\/strong> (et auteurs aussi dans certains cas) :<br \/>ALBERT Adrien <em>(pas le dimanche apr\u00e8s-midi)<\/em><br \/>ARNAL Magali<br \/>BEZIAT Julien<em> (pas le dimanche apr\u00e8s-midi)<\/em><br \/>BISINSKI Pierrick <em>(pas le dimanche apr\u00e8s-midi)<\/em><br \/>Elo <br \/>GROSOS Virginie<br \/>MONTEL Anne <br \/>OURY Fleur <em>(pas le dimanche apr\u00e8s-midi)<\/em><br \/>PILORGET Bruno <br \/>PUYBARET Eric <br \/>SCHNELLBACH Emma <em>(pas le dimanche apr\u00e8s-midi)<\/em><br \/>ZEUM Anne <br \/><strong>Brittophones :<\/strong><br \/>AN DAOU DANGI <em>(samedi) <\/em><br \/>AR BRAZ Kristian<br \/>BEAUMONT G\u00e9raldine <br \/>LE FOLL Victor <em>(pas le dimanche apr\u00e8s-midi)<\/em><\/p>\n\n\n\n<div class=\"wp-block-media-text alignwide has-media-on-the-right is-stacked-on-mobile\" style=\"grid-template-columns:auto 20%\"><div class=\"wp-block-media-text__content\">\n<p><strong>Vente de livres, d\u2019albums ou de BD<\/strong> par le travail collectif des<strong> librairies<\/strong> Les D\u00e9ferlantes \u00e0 Morlaix, Livres in Room \u00e0 St-Pol-de-L\u00e9on, L\u2019Ivresse des Mots \u00e0 Lampaul-Guimiliau.<\/p>\n<\/div><figure class=\"wp-block-media-text__media\"><img loading=\"lazy\" decoding=\"async\" width=\"1024\" height=\"683\" src=\"https:\/\/www.labaiedeslivres.com\/wp-content\/uploads\/2022\/10\/DSC_6917-1024x683.jpg\" alt=\"\" class=\"wp-image-4897 size-full\" srcset=\"https:\/\/www.labaiedeslivres.com\/wp-content\/uploads\/2022\/10\/DSC_6917-1024x683.jpg 1024w, https:\/\/www.labaiedeslivres.com\/wp-content\/uploads\/2022\/10\/DSC_6917-300x200.jpg 300w, https:\/\/www.labaiedeslivres.com\/wp-content\/uploads\/2022\/10\/DSC_6917-1536x1024.jpg 1536w, https:\/\/www.labaiedeslivres.com\/wp-content\/uploads\/2022\/10\/DSC_6917-2048x1365.jpg 2048w\" sizes=\"auto, (max-width: 1024px) 100vw, 1024px\" \/><\/figure><\/div>\n\n\n\n<div class=\"wp-block-media-text alignwide is-stacked-on-mobile\" style=\"grid-template-columns:15% auto\"><figure class=\"wp-block-media-text__media\"><img loading=\"lazy\" decoding=\"async\" width=\"918\" height=\"1024\" src=\"https:\/\/www.labaiedeslivres.com\/wp-content\/uploads\/2023\/10\/Maquillage33-918x1024.jpg\" alt=\"\" class=\"wp-image-5407 size-1536x1536\" srcset=\"https:\/\/www.labaiedeslivres.com\/wp-content\/uploads\/2023\/10\/Maquillage33-918x1024.jpg 918w, https:\/\/www.labaiedeslivres.com\/wp-content\/uploads\/2023\/10\/Maquillage33-269x300.jpg 269w, https:\/\/www.labaiedeslivres.com\/wp-content\/uploads\/2023\/10\/Maquillage33-1377x1536.jpg 1377w, https:\/\/www.labaiedeslivres.com\/wp-content\/uploads\/2023\/10\/Maquillage33-1836x2048.jpg 1836w\" sizes=\"auto, (max-width: 918px) 100vw, 918px\" \/><\/figure><div class=\"wp-block-media-text__content\">\n<p><strong>Maquillage<\/strong> des mains gr\u00e2ce \u00e0 la talentueuse Mich\u00e8le Le Saux <br \/><em>14h30 &#8211; 17h30 Samedi &amp; Dimanche<\/em><\/p>\n<\/div><\/div>\n\n\n\n<div class=\"wp-block-media-text alignwide has-media-on-the-right\" style=\"grid-template-columns:auto 22%\"><div class=\"wp-block-media-text__content\">\n<p><strong>Espace BIBLIORACONTE<\/strong> : Les personnels des m\u00e9diath\u00e8ques de <br \/>de Saint-Martin-des-Champs, Morlaix, Carantec, Pleyber-Christ, Plourin-l\u00e8s-Morlaix, Saint-Th\u00e9gonnec-Loc-Eguiner, Plou\u00e9nan, le R\u00e9seau des m\u00e9diath\u00e8ques de la CCPL vous accueillent tout le week-end avec un espace livres et leur s\u00e9lection coups de c\u0153ur, avec le soutien de la Biblioth\u00e8que d\u00e9partementale du Finist\u00e8re. <br \/>Plusieurs animations : <br \/>&#8211; <strong>Kamishiba\u00ef <\/strong>: Samedi 10h pour 0-3 ans, 10h30 d\u00e8s 5 ans&nbsp;; Dimanche 10h15 d\u00e8s 5 ans, 30 minutes, espace Biblioraconte de la grande salle<br \/>&#8211; <strong>Comptines et jeux de doigts<\/strong> pour les tout petits \/ Rimadello\u00f9 ha C&rsquo;hoario\u00f9 bizied : 0-3 &nbsp;ans, Samedi 16h30, 30 minutes, espace contes biblioth\u00e8que du Roudour <br \/>&#8211; <strong>B\u00e9b\u00e9s lecteurs <\/strong>: Samedi &amp; Dimanche \u00e0 11h, 30 minutes, biblioth\u00e8que du Roudour<br \/>&#8211; <strong>Contes en pagaille<\/strong> \/ Kontadenno\u00f9 a bep seurt : d\u00e8s 5 ans, samedi 16h, dimanche 11h30, 30 minutes, espace Biblioraconte grande salle<br \/>&#8211; <strong>Jeux de soci\u00e9t\u00e9<\/strong>&nbsp;: dimanche apr\u00e8s-midi, espace Biblioraconte<\/p>\n<\/div><figure class=\"wp-block-media-text__media\"><img loading=\"lazy\" decoding=\"async\" width=\"576\" height=\"1024\" src=\"https:\/\/www.labaiedeslivres.com\/wp-content\/uploads\/2025\/10\/image00008-576x1024.jpeg\" alt=\"\" class=\"wp-image-6279 size-full\" srcset=\"https:\/\/www.labaiedeslivres.com\/wp-content\/uploads\/2025\/10\/image00008-576x1024.jpeg 576w, https:\/\/www.labaiedeslivres.com\/wp-content\/uploads\/2025\/10\/image00008-169x300.jpeg 169w, https:\/\/www.labaiedeslivres.com\/wp-content\/uploads\/2025\/10\/image00008-864x1536.jpeg 864w, https:\/\/www.labaiedeslivres.com\/wp-content\/uploads\/2025\/10\/image00008-1152x2048.jpeg 1152w, https:\/\/www.labaiedeslivres.com\/wp-content\/uploads\/2025\/10\/image00008-scaled.jpeg 1440w\" sizes=\"auto, (max-width: 576px) 100vw, 576px\" \/><\/figure><\/div>\n\n\n\n<div class=\"wp-block-media-text alignwide is-stacked-on-mobile\" style=\"grid-template-columns:16% auto\"><figure class=\"wp-block-media-text__media\"><img loading=\"lazy\" decoding=\"async\" width=\"575\" height=\"884\" src=\"https:\/\/www.labaiedeslivres.com\/wp-content\/uploads\/2025\/10\/Capture.jpg\" alt=\"\" class=\"wp-image-6292 size-thumbnail\" srcset=\"https:\/\/www.labaiedeslivres.com\/wp-content\/uploads\/2025\/10\/Capture.jpg 575w, https:\/\/www.labaiedeslivres.com\/wp-content\/uploads\/2025\/10\/Capture-195x300.jpg 195w\" sizes=\"auto, (max-width: 575px) 100vw, 575px\" \/><\/figure><div class=\"wp-block-media-text__content\">\n<p><strong>Le livret jeu des m\u00e9diath\u00e8ques <\/strong>!<br \/>Amusez vous avec les livres des invit\u00e9.e.s&#8230; Le livret est \u00e0 retrouver dans les m\u00e9diath\u00e8ques partenaires et sur le salon, et d\u00e9couvrir <a href=\"https:\/\/www.labaiedeslivres.com\/wp-content\/uploads\/2025\/10\/Livret-denigmes-Salon-du-Livre-2025.pdf\">ICI<\/a><\/p>\n<\/div><\/div>\n\n\n\n<div class=\"wp-block-media-text alignwide is-stacked-on-mobile\" style=\"grid-template-columns:15% auto\"><figure class=\"wp-block-media-text__media\"><img loading=\"lazy\" decoding=\"async\" width=\"1024\" height=\"1024\" src=\"https:\/\/www.labaiedeslivres.com\/wp-content\/uploads\/2025\/10\/World-1024x1024.png\" alt=\"\" class=\"wp-image-6283 size-1536x1536\" srcset=\"https:\/\/www.labaiedeslivres.com\/wp-content\/uploads\/2025\/10\/World-1024x1024.png 1024w, https:\/\/www.labaiedeslivres.com\/wp-content\/uploads\/2025\/10\/World-300x300.png 300w, https:\/\/www.labaiedeslivres.com\/wp-content\/uploads\/2025\/10\/World-150x150.png 150w, https:\/\/www.labaiedeslivres.com\/wp-content\/uploads\/2025\/10\/World.png 1080w\" sizes=\"auto, (max-width: 1024px) 100vw, 1024px\" \/><\/figure><div class=\"wp-block-media-text__content\">\n<p><strong>Atelier cr\u00e9atif <\/strong>: cr\u00e9e \u00e0 partir de vieux livres en t&rsquo;inspirant du th\u00e8me !<br \/><em>Samedi 14 h &#8211; 15 h30, salle de jeux de la m\u00e9diath\u00e8que, places limit\u00e9es (inscriptions possibles sur place le matin<\/em>) <\/p>\n<\/div><\/div>\n\n\n\n<div class=\"wp-block-media-text alignwide has-media-on-the-right is-stacked-on-mobile\" style=\"grid-template-columns:auto 26%\"><div class=\"wp-block-media-text__content\">\n<p><strong>Ba\u00efka<\/strong> : <a href=\"https:\/\/www.baika-magazine.com\/\">Ba\u00efka<\/a> est le guide culturel des 8-12 ans pour explorer les pays du monde et d\u00e9velopper sa culture g\u00e9n\u00e9rale. Partir \u00e0 la rencontre d\u2019un enfant originaire d\u2019un autre pays et d\u00e9couvrez sa culture \u00e0 travers la mythologie, la gastronomie, les langues, la g\u00e9ographie, les arts, la science, l\u2019environnement&#8230; <br \/>D\u00e9couvrez cette revue avec Lola Oberson, qui proposera aussi de faire de petites cr\u00e9ations autour de l\u2019habitat. <br \/><em>Caf\u00e9 litt\u00e9raire, samedi <\/em><\/p>\n<\/div><figure class=\"wp-block-media-text__media\"><img loading=\"lazy\" decoding=\"async\" width=\"341\" height=\"395\" src=\"https:\/\/www.labaiedeslivres.com\/wp-content\/uploads\/2025\/10\/kataulo_ana_lucie_web_test.jpg\" alt=\"\" class=\"wp-image-6263 size-1536x1536\" srcset=\"https:\/\/www.labaiedeslivres.com\/wp-content\/uploads\/2025\/10\/kataulo_ana_lucie_web_test.jpg 341w, https:\/\/www.labaiedeslivres.com\/wp-content\/uploads\/2025\/10\/kataulo_ana_lucie_web_test-259x300.jpg 259w\" sizes=\"auto, (max-width: 341px) 100vw, 341px\" \/><\/figure><\/div>\n\n\n\n<div class=\"wp-block-media-text is-stacked-on-mobile\" style=\"grid-template-columns:20% auto\"><figure class=\"wp-block-media-text__media\"><img loading=\"lazy\" decoding=\"async\" width=\"1024\" height=\"694\" src=\"https:\/\/www.labaiedeslivres.com\/wp-content\/uploads\/2025\/10\/niglou-1024x694.jpg\" alt=\"\" class=\"wp-image-6281 size-full\" srcset=\"https:\/\/www.labaiedeslivres.com\/wp-content\/uploads\/2025\/10\/niglou-1024x694.jpg 1024w, https:\/\/www.labaiedeslivres.com\/wp-content\/uploads\/2025\/10\/niglou-300x203.jpg 300w, https:\/\/www.labaiedeslivres.com\/wp-content\/uploads\/2025\/10\/niglou.jpg 1080w\" sizes=\"auto, (max-width: 1024px) 100vw, 1024px\" \/><\/figure><div class=\"wp-block-media-text__content\">\n<p><strong>La salle Nigloo : <\/strong>venez d\u00e9couvrir le travail des \u00e9l\u00e8ves de CE1\/CE2 de St-Martin-des-Champs et Plouezoc\u2019h avec Claire Le Roux.<br \/>Tissez avec eux le plus beau nid du monde !<br \/><em>En continu, grande salle<\/em><\/p>\n<\/div><\/div>\n\n\n\n<div class=\"wp-block-media-text alignwide has-media-on-the-right is-stacked-on-mobile\" style=\"grid-template-columns:auto 21%\"><div class=\"wp-block-media-text__content\">\n<p><strong>EXPOSITION des cr\u00e9ations des \u00e9coles sur le th\u00e8me \u00ab\u00a0Fais ton nid\u00a0\u00bb ou sur l\u2019univers de l\u2019un.e des invit\u00e9.e.s    <em>Diskouezadeg ar skolidi<\/em><\/strong><br \/>&#8211; \u00ab&nbsp;<strong>C\u2019est mon nid<\/strong>&nbsp;\u00bb, classe de CM1\/CM2 de St Eutrope, avec Yves Kneus\u00e9. Venez d\u00e9couvrir les maquettes r\u00e9alis\u00e9es avec l\u2019architecte Yves Kneus\u00e9 <em>En continu et dimanche \u00e0 15 h sur la grande sc\u00e8ne<\/em><br \/>&#8211; \u00ab&nbsp;<strong>Le plus beau nid du monde<\/strong>&nbsp;\u00bb, 2 classes de (St Martin et Plou\u00e9zoc\u2019h), avec Claire le Roux, <em>quand&nbsp;?<\/em><br \/>&#8211; \u00ab&nbsp;<strong>Je suis une maison<\/strong>&nbsp;\u00bb, 2 classes de GS\/CP et CP\/CE1 du Poan Ben \u00e0 Morlaix pr\u00e9sentent leurs cr\u00e9ations lors d&rsquo;un d\u00e9fil\u00e9 !<br \/><em>15\u2009h\u200930, grande sc\u00e8ne<\/em><\/p>\n<\/div><figure class=\"wp-block-media-text__media\"><img loading=\"lazy\" decoding=\"async\" width=\"768\" height=\"1024\" src=\"https:\/\/www.labaiedeslivres.com\/wp-content\/uploads\/2025\/10\/nids-768x1024.jpg\" alt=\"\" class=\"wp-image-6282 size-full\" srcset=\"https:\/\/www.labaiedeslivres.com\/wp-content\/uploads\/2025\/10\/nids-768x1024.jpg 768w, https:\/\/www.labaiedeslivres.com\/wp-content\/uploads\/2025\/10\/nids-225x300.jpg 225w, https:\/\/www.labaiedeslivres.com\/wp-content\/uploads\/2025\/10\/nids.jpg 1080w\" sizes=\"auto, (max-width: 768px) 100vw, 768px\" \/><\/figure><\/div>\n\n\n\n<div class=\"wp-block-media-text alignwide is-stacked-on-mobile\" style=\"grid-template-columns:21% auto\"><figure class=\"wp-block-media-text__media\"><img loading=\"lazy\" decoding=\"async\" width=\"1024\" height=\"768\" src=\"https:\/\/www.labaiedeslivres.com\/wp-content\/uploads\/2022\/10\/P1060256-1024x768.jpg\" alt=\"\" class=\"wp-image-4901 size-full\" srcset=\"https:\/\/www.labaiedeslivres.com\/wp-content\/uploads\/2022\/10\/P1060256-1024x768.jpg 1024w, https:\/\/www.labaiedeslivres.com\/wp-content\/uploads\/2022\/10\/P1060256-300x225.jpg 300w, https:\/\/www.labaiedeslivres.com\/wp-content\/uploads\/2022\/10\/P1060256-1536x1152.jpg 1536w, https:\/\/www.labaiedeslivres.com\/wp-content\/uploads\/2022\/10\/P1060256-2048x1536.jpg 2048w\" sizes=\"auto, (max-width: 1024px) 100vw, 1024px\" \/><\/figure><div class=\"wp-block-media-text__content\">\n<p><strong>Un jour-Un auteur <\/strong>Les \u00e9l\u00e8ves de 6 \u00e9coles ont eu la chance d&rsquo;accueillir un.e auteur ou illustrateur.trice toute une journ\u00e9e. Ils vous pr\u00e9sentent leurs projets. <em>le dimanche sur la grande sc\u00e8ne<\/em>.<br \/>&#8211; Ecole J. Ferry de St-Martin-des-Champs : autour des \u0153uvres de Julien B\u00e9ziat <em>Samedi , 15 h, grande sc\u00e8ne<\/em><br \/>&#8211; Pr\u00e9sentation par l\u2019\u00e9cole Plougasnou du projet autour des \u0153uvres<br \/>d\u2019Anne Montel <em>Dimanche, 10 h 30, grande sc\u00e8ne<\/em><\/p>\n<\/div><\/div>\n\n\n\n<div class=\"wp-block-media-text has-media-on-the-right is-stacked-on-mobile\" style=\"grid-template-columns:auto 17%\"><div class=\"wp-block-media-text__content\">\n<p><strong>Venez \u00e9couter les coups de c\u0153ur litt\u00e9raires de 6 classes<\/strong> <br \/><em>En continu, lecture par QR code<\/em><\/p>\n\n\n\n<p><strong>Cocooning Radio !<\/strong> \u00c9mission en direct par la classe CE2-CM1-CM2 de l\u2019\u00e9cole Gambetta Morlaix<br \/><em>Dimanche, 11 h, grande sc\u00e8ne<\/em><\/p>\n<\/div><figure class=\"wp-block-media-text__media\"><img loading=\"lazy\" decoding=\"async\" width=\"1024\" height=\"1024\" src=\"https:\/\/www.labaiedeslivres.com\/wp-content\/uploads\/2025\/10\/radio-1024x1024.png\" alt=\"\" class=\"wp-image-6256 size-full\" srcset=\"https:\/\/www.labaiedeslivres.com\/wp-content\/uploads\/2025\/10\/radio-1024x1024.png 1024w, https:\/\/www.labaiedeslivres.com\/wp-content\/uploads\/2025\/10\/radio-300x300.png 300w, https:\/\/www.labaiedeslivres.com\/wp-content\/uploads\/2025\/10\/radio-150x150.png 150w, https:\/\/www.labaiedeslivres.com\/wp-content\/uploads\/2025\/10\/radio.png 1080w\" sizes=\"auto, (max-width: 1024px) 100vw, 1024px\" \/><\/figure><\/div>\n\n\n\n<div class=\"wp-block-media-text is-stacked-on-mobile\" style=\"grid-template-columns:16% auto\"><figure class=\"wp-block-media-text__media\"><img loading=\"lazy\" decoding=\"async\" width=\"715\" height=\"724\" src=\"https:\/\/www.labaiedeslivres.com\/wp-content\/uploads\/2024\/10\/keski.jpg\" alt=\"\" class=\"wp-image-5860 size-full\" srcset=\"https:\/\/www.labaiedeslivres.com\/wp-content\/uploads\/2024\/10\/keski.jpg 715w, https:\/\/www.labaiedeslivres.com\/wp-content\/uploads\/2024\/10\/keski-296x300.jpg 296w\" sizes=\"auto, (max-width: 715px) 100vw, 715px\" \/><\/figure><div class=\"wp-block-media-text__content\">\n<p><strong>Lire autrement<\/strong> <em> <\/em>Venez exp\u00e9rimenter des situations de handicap de mani\u00e8re ludique avec la valise d\u2019animation Keski de la Biblioth\u00e8que D\u00e9partementale du Finist\u00e8re.<br \/>S<em>amedi, de 10h30 \u00e0 12h, caf\u00e9 litt\u00e9raire<\/em><\/p>\n<\/div><\/div>\n\n\n\n<div class=\"wp-block-media-text alignwide has-media-on-the-right is-stacked-on-mobile\" style=\"grid-template-columns:auto 15%\"><div class=\"wp-block-media-text__content\">\n<p><strong>Table Ronde en breton autour de la litt\u00e9rature en langue bretonne pour les jeunes<\/strong> \/  Taol grenn gouestlet d\u2019al lennegezh e brezhoneg evit ar yaouankiz<br \/>Venez \u00e9couter des auteurs (Fanny Chauffin, Laurence Lavrand, Kristian ar Bras et Victor Le Foll), des enseignants, une libraire et Gwenola Co\u00efc de l&rsquo;association Heklev (qui promeut la cr\u00e9ation radiophonique).<br \/>Ils \u00e9changeront autour de la litt\u00e9rature jeunesse pour les jeunes. Ces \u00e9changes sont organis\u00e9s par l&rsquo;association d&rsquo;auteurs Skriv ! KLT et La Baie des Livres. Ils seront traduits en fran\u00e7ais par Riwanon Kallag<br \/><em>Dimanche, 14 h, m\u00e9diath\u00e8que du Roudour<\/em><\/p>\n<\/div><figure class=\"wp-block-media-text__media\"><img loading=\"lazy\" decoding=\"async\" width=\"405\" height=\"257\" src=\"https:\/\/www.labaiedeslivres.com\/wp-content\/uploads\/2022\/10\/parler_breton.png\" alt=\"\" class=\"wp-image-4909 size-full\" srcset=\"https:\/\/www.labaiedeslivres.com\/wp-content\/uploads\/2022\/10\/parler_breton.png 405w, https:\/\/www.labaiedeslivres.com\/wp-content\/uploads\/2022\/10\/parler_breton-300x190.png 300w\" sizes=\"auto, (max-width: 405px) 100vw, 405px\" \/><\/figure><\/div>\n\n\n\n<h2 class=\"wp-block-heading\">Spectacles<\/h2>\n\n\n\n<div class=\"wp-block-media-text alignwide is-stacked-on-mobile\" style=\"grid-template-columns:27% auto\"><figure class=\"wp-block-media-text__media\"><img loading=\"lazy\" decoding=\"async\" width=\"683\" height=\"1024\" src=\"https:\/\/www.labaiedeslivres.com\/wp-content\/uploads\/2025\/05\/An-Daou-Dangi_HDC6982\u00a9-Eric-Legret-683x1024.jpg\" alt=\"\" class=\"wp-image-5942 size-1536x1536\" srcset=\"https:\/\/www.labaiedeslivres.com\/wp-content\/uploads\/2025\/05\/An-Daou-Dangi_HDC6982\u00a9-Eric-Legret-683x1024.jpg 683w, https:\/\/www.labaiedeslivres.com\/wp-content\/uploads\/2025\/05\/An-Daou-Dangi_HDC6982\u00a9-Eric-Legret-200x300.jpg 200w, https:\/\/www.labaiedeslivres.com\/wp-content\/uploads\/2025\/05\/An-Daou-Dangi_HDC6982\u00a9-Eric-Legret-1024x1536.jpg 1024w, https:\/\/www.labaiedeslivres.com\/wp-content\/uploads\/2025\/05\/An-Daou-Dangi_HDC6982\u00a9-Eric-Legret-1365x2048.jpg 1365w, https:\/\/www.labaiedeslivres.com\/wp-content\/uploads\/2025\/05\/An-Daou-Dangi_HDC6982\u00a9-Eric-Legret-scaled.jpg 1707w\" sizes=\"auto, (max-width: 683px) 100vw, 683px\" \/><\/figure><div class=\"wp-block-media-text__content\">\n<p><strong>Spectacle<\/strong> <strong>An ozhac\u2019h hag ar boufoun par An Daou Dangi <\/strong><br \/>Ur wech e oa hag ur wech ne oa ket met ur wech e oa memestra ur oufoun dirollet hag un ozhac\u2019h fur o veva\u00f1 en ur c\u2019hastell. Brav ar vuhez emezoc\u2019h ? Ket\u2026 O-unan-penn e oant. Tec\u2019het an holl abalamour d\u2019un aerouant spontus ! Un diskoulm ne oa ken d\u2019ar boufoun gellet kana\u00f1 kanaouenno\u00f9 nevez : mont da varc\u2019heg ha skarzha\u00f1 an aerouant kuit ! Ne vo ket aes dezha\u00f1\u2026<br \/><strong>Le Bouffon et Le Sage<\/strong> Il y a fort longtemps vivaient dans un ch\u00e2teau, un bouffon excentrique et un vieux bonhomme ronchon. Trop de la chance selon vous ? Eh bien non\u2026 Il n\u2019y avait qu\u2019eux dans le domaine. Un terrible dragon avait fait fuir le peuple. Pour permettre au bouffon de chanter de nouvelles balades, une seule solution : devenir chevalier et vaincre l\u2019animal f\u00e9roce. Pas si facile\u2026<br \/><em>Samedi, 15 h 30, grande sc\u00e8ne (45 min)<\/em><\/p>\n<\/div><\/div>\n\n\n\n<div class=\"wp-block-media-text alignwide has-media-on-the-right is-stacked-on-mobile\" style=\"grid-template-columns:auto 15%\"><div class=\"wp-block-media-text__content\">\n<p>Spectacle <strong>Ni une, ni d\u2019oeufs ! <\/strong>par la Compagnie La R\u00e9gale<br \/>Un moment de rigolade et d\u2019\u00e9motions, sous forme de \u00abcartoon\u00bb vivant ! L\u2019ornithologue, jou\u00e9 par Antoine Asnar, va embarquer dans une aventure tr\u00e8s volatile avec les marionnettes manipul\u00e9es par son complice, J\u00e9r\u00f4me Andr\u00e9. <em>Dimanche, 16 h, tout public (50 min)<\/em><\/p>\n<\/div><figure class=\"wp-block-media-text__media\"><img loading=\"lazy\" decoding=\"async\" width=\"723\" height=\"1024\" src=\"https:\/\/www.labaiedeslivres.com\/wp-content\/uploads\/2025\/10\/Spectacle-ni-oeufs-tavaux-1676726669_01.png\" alt=\"\" class=\"wp-image-6285 size-full\" srcset=\"https:\/\/www.labaiedeslivres.com\/wp-content\/uploads\/2025\/10\/Spectacle-ni-oeufs-tavaux-1676726669_01.png 723w, https:\/\/www.labaiedeslivres.com\/wp-content\/uploads\/2025\/10\/Spectacle-ni-oeufs-tavaux-1676726669_01-212x300.png 212w\" sizes=\"auto, (max-width: 723px) 100vw, 723px\" \/><\/figure><\/div>\n\n\n\n<div class=\"wp-block-media-text alignwide is-stacked-on-mobile\" style=\"grid-template-columns:15% auto\"><figure class=\"wp-block-media-text__media\"><img loading=\"lazy\" decoding=\"async\" width=\"1024\" height=\"576\" src=\"https:\/\/www.labaiedeslivres.com\/wp-content\/uploads\/2022\/10\/crepes-1024x576.jpg\" alt=\"\" class=\"wp-image-4910 size-full\" srcset=\"https:\/\/www.labaiedeslivres.com\/wp-content\/uploads\/2022\/10\/crepes-1024x576.jpg 1024w, https:\/\/www.labaiedeslivres.com\/wp-content\/uploads\/2022\/10\/crepes-300x169.jpg 300w, https:\/\/www.labaiedeslivres.com\/wp-content\/uploads\/2022\/10\/crepes-1536x864.jpg 1536w, https:\/\/www.labaiedeslivres.com\/wp-content\/uploads\/2022\/10\/crepes-2048x1152.jpg 2048w\" sizes=\"auto, (max-width: 1024px) 100vw, 1024px\" \/><\/figure><div class=\"wp-block-media-text__content\">\n<p><strong>Ouverture 10h-18h, samedi &amp; dimanche<\/strong><br \/>Petite restauration sur place : cr\u00eapes et boissons (Buzuks accept\u00e9s)<\/p>\n<\/div><\/div>\n\n\n\n<div class=\"wp-block-media-text alignwide is-stacked-on-mobile\" style=\"grid-template-columns:15% auto\"><figure class=\"wp-block-media-text__media\"><img loading=\"lazy\" decoding=\"async\" width=\"405\" height=\"257\" src=\"https:\/\/www.labaiedeslivres.com\/wp-content\/uploads\/2022\/10\/parler_breton.png\" alt=\"\" class=\"wp-image-4909 size-full\" srcset=\"https:\/\/www.labaiedeslivres.com\/wp-content\/uploads\/2022\/10\/parler_breton.png 405w, https:\/\/www.labaiedeslivres.com\/wp-content\/uploads\/2022\/10\/parler_breton-300x190.png 300w\" sizes=\"auto, (max-width: 405px) 100vw, 405px\" \/><\/figure><div class=\"wp-block-media-text__content\">\n<p>Un degouezh e brezhoneg a-drugarez d\u2019ar vrezhonegerien a-youl vat, d\u2019ar skrivagnerien, d\u2019ar skeudennaouerien ha d\u2019ar gevredigezh KLT Ti ar Vro<br \/><strong>Un salon en breton<\/strong> gr\u00e2ce aux b\u00e9n\u00e9voles brittophones, aux auteurs et \u00e0 l\u2019association KLT Ti ar Vro<\/p>\n<\/div><\/div>\n\n\n\n<div class=\"wp-block-media-text has-media-on-the-right is-stacked-on-mobile\" style=\"grid-template-columns:auto 25%\"><div class=\"wp-block-media-text__content\">\n<p>Pour la 2\u00e8 ann\u00e9e, <strong>les jeunes du Local Jeune <\/strong>de Saint-Martin des Champs<strong> vont vous faire de beaux paquets cadeaux !<\/strong> C&rsquo;est gratuit, mais si possible un peu d&rsquo;argent dans leur cagnotte est le bienvenu, cela leur permettre de financer leurs projets<br \/><em>Samedi 10h-12h30, 14h-18h et dimanche 10h-12h30 <\/em><\/p>\n<\/div><figure class=\"wp-block-media-text__media\"><img loading=\"lazy\" decoding=\"async\" width=\"724\" height=\"1024\" src=\"https:\/\/www.labaiedeslivres.com\/wp-content\/uploads\/2025\/10\/baie-des-livres-benevolat-724x1024.png\" alt=\"\" class=\"wp-image-6317 size-full\" srcset=\"https:\/\/www.labaiedeslivres.com\/wp-content\/uploads\/2025\/10\/baie-des-livres-benevolat-724x1024.png 724w, https:\/\/www.labaiedeslivres.com\/wp-content\/uploads\/2025\/10\/baie-des-livres-benevolat-212x300.png 212w, https:\/\/www.labaiedeslivres.com\/wp-content\/uploads\/2025\/10\/baie-des-livres-benevolat-1086x1536.png 1086w, https:\/\/www.labaiedeslivres.com\/wp-content\/uploads\/2025\/10\/baie-des-livres-benevolat.png 1414w\" sizes=\"auto, (max-width: 724px) 100vw, 724px\" \/><\/figure><\/div>\n\n\n\n<h2 class=\"wp-block-heading\">En amont du salon<\/h2>\n\n\n\n<div class=\"wp-block-media-text is-stacked-on-mobile\" style=\"grid-template-columns:15% auto\"><figure class=\"wp-block-media-text__media\"><img loading=\"lazy\" decoding=\"async\" width=\"392\" height=\"521\" src=\"https:\/\/www.labaiedeslivres.com\/wp-content\/uploads\/2025\/10\/jack-et-nancy.jpg\" alt=\"\" class=\"wp-image-6258 size-full\" srcset=\"https:\/\/www.labaiedeslivres.com\/wp-content\/uploads\/2025\/10\/jack-et-nancy.jpg 392w, https:\/\/www.labaiedeslivres.com\/wp-content\/uploads\/2025\/10\/jack-et-nancy-226x300.jpg 226w\" sizes=\"auto, (max-width: 392px) 100vw, 392px\" \/><\/figure><div class=\"wp-block-media-text__content\">\n<p>Au cin\u00e9ma La Salamandre<br \/><strong>Mercredi 19 novembre : <\/strong>Le cin\u00e9 des petits (\u00e0 partir de 3 ans)<br \/>16h30 : <strong>Jack et Nancy &#8211; les plus belles histoires de Quentin Blake<\/strong><br \/>Lots \u00e0 gagner offerts par Dialogues Morlaix<br \/><em>Tarif : 6 \u20ac ou 4 \u20ac &#8211; de 14 ans<\/em> <\/p>\n<\/div><\/div>\n\n\n\n<div class=\"wp-block-media-text alignwide has-media-on-the-right is-stacked-on-mobile\" style=\"grid-template-columns:auto 15%\"><div class=\"wp-block-media-text__content\">\n<p>Au cin\u00e9ma La Salamandre<br \/><strong>Dimanche 16 novembre : <\/strong><br \/>&#8211; 15h :<strong> Arrietty, le petit monde des chapardeurs <\/strong>de Ghibli (d\u00e8s 8 ans)<br \/>&#8211;<strong> Atelier<\/strong> jeux vid\u00e9o<br \/>&#8211; 18h30 : <strong>Escape From the 21st Century<\/strong> de Li Yang (\u00e0 partir de 12 ans)<br \/><em>TARIF : 8\/6\/4 \u20ac pour les s\u00e9ances de cin\u00e9 et 5 \u20ac pour l\u2019atelier <\/em><br \/><em>OU Super billet (2 films + atelier) 10 \u20ac enfant &amp; r\u00e9duit \/ 15 \u20ac plein<\/em><\/p>\n<\/div><figure class=\"wp-block-media-text__media\"><img loading=\"lazy\" decoding=\"async\" width=\"731\" height=\"1024\" src=\"https:\/\/www.labaiedeslivres.com\/wp-content\/uploads\/2025\/10\/Escape-from-the-21st-Century_Poster-731x1024.jpg\" alt=\"\" class=\"wp-image-6272 size-full\" srcset=\"https:\/\/www.labaiedeslivres.com\/wp-content\/uploads\/2025\/10\/Escape-from-the-21st-Century_Poster-731x1024.jpg 731w, https:\/\/www.labaiedeslivres.com\/wp-content\/uploads\/2025\/10\/Escape-from-the-21st-Century_Poster-214x300.jpg 214w, https:\/\/www.labaiedeslivres.com\/wp-content\/uploads\/2025\/10\/Escape-from-the-21st-Century_Poster.jpg 875w\" sizes=\"auto, (max-width: 731px) 100vw, 731px\" \/><\/figure><\/div>\n\n\n\n<div class=\"wp-block-media-text alignwide is-stacked-on-mobile\" style=\"grid-template-columns:19% auto\"><figure class=\"wp-block-media-text__media\"><img loading=\"lazy\" decoding=\"async\" width=\"575\" height=\"758\" src=\"https:\/\/www.labaiedeslivres.com\/wp-content\/uploads\/2025\/10\/BA-B-A-Begaiement.jpg\" alt=\"\" class=\"wp-image-6254 size-thumbnail\" srcset=\"https:\/\/www.labaiedeslivres.com\/wp-content\/uploads\/2025\/10\/BA-B-A-Begaiement.jpg 575w, https:\/\/www.labaiedeslivres.com\/wp-content\/uploads\/2025\/10\/BA-B-A-Begaiement-228x300.jpg 228w\" sizes=\"auto, (max-width: 575px) 100vw, 575px\" \/><\/figure><div class=\"wp-block-media-text__content\">\n<p><strong>LE B.A. BA DU B\u00c9GAIEMENT PAR YANN LEROUX ET TRISTAN GIVAJA<\/strong><br \/>&#8211; Une exposition \u00e0 la m\u00e9diath\u00e8que du Roudour \u00e0 St-Martin des Champs d&rsquo;octobre \u00e0 d\u00e9cembre.<br \/>&#8211; Une soir\u00e9e d&rsquo;\u00e9changes avec Yann Leroux, orthophoniste, sur le th\u00e8me du d\u00e9veloppement du langage. <em>Mardi 18 novembre \u00e0 19h30 dans le caf\u00e9 culture sur inscription \u00e0 <a href=\"mailto:mediatheque@ville-stmartin29.fr\">mediatheque@ville-stmartin29.fr<\/a> (40 personnes pour favoriser les \u00e9changes).<\/em><\/p>\n<\/div><\/div>\n\n\n\n<div class=\"wp-block-media-text alignwide has-media-on-the-right is-stacked-on-mobile\" style=\"grid-template-columns:auto 17%\"><div class=\"wp-block-media-text__content\">\n<p><strong>Concours de dessin dans les librairies partenaires.<\/strong> Les \u0153uvres gagnantes seront expos\u00e9es au salon et donneront droit \u00e0 une affiche + un go\u00fbter au salon. Cat\u00e9gories 0-6 ans, 7-12 ans, + de 13 ans. <em>Dessin \u00e0 d\u00e9poser avant le mercredi 19 novembre aux D\u00e9ferlantes \u00e0 Morlaix, Livres in room \u00e0 St-Pol de L\u00e9on ou L&rsquo;ivresse des mots \u00e0 Lampaul-Guimiliau<\/em><\/p>\n<\/div><figure class=\"wp-block-media-text__media\"><img loading=\"lazy\" decoding=\"async\" width=\"1024\" height=\"1024\" src=\"https:\/\/www.labaiedeslivres.com\/wp-content\/uploads\/2025\/10\/dessin-librairies-1024x1024.png\" alt=\"\" class=\"wp-image-6255 size-thumbnail\" srcset=\"https:\/\/www.labaiedeslivres.com\/wp-content\/uploads\/2025\/10\/dessin-librairies-1024x1024.png 1024w, https:\/\/www.labaiedeslivres.com\/wp-content\/uploads\/2025\/10\/dessin-librairies-300x300.png 300w, https:\/\/www.labaiedeslivres.com\/wp-content\/uploads\/2025\/10\/dessin-librairies-150x150.png 150w, https:\/\/www.labaiedeslivres.com\/wp-content\/uploads\/2025\/10\/dessin-librairies.png 1080w\" sizes=\"auto, (max-width: 1024px) 100vw, 1024px\" \/><\/figure><\/div>\n\n\n\n<div class=\"wp-block-media-text is-stacked-on-mobile\" style=\"grid-template-columns:21% auto\"><figure class=\"wp-block-media-text__media\"><img loading=\"lazy\" decoding=\"async\" width=\"634\" height=\"879\" src=\"https:\/\/www.labaiedeslivres.com\/wp-content\/uploads\/2025\/10\/Capture-1.jpg\" alt=\"\" class=\"wp-image-6295 size-full\" srcset=\"https:\/\/www.labaiedeslivres.com\/wp-content\/uploads\/2025\/10\/Capture-1.jpg 634w, https:\/\/www.labaiedeslivres.com\/wp-content\/uploads\/2025\/10\/Capture-1-216x300.jpg 216w\" sizes=\"auto, (max-width: 634px) 100vw, 634px\" \/><\/figure><div class=\"wp-block-media-text__content\">\n<p><strong>Anne Montel \u00e0 Bodilis <\/strong> <br \/>Avec sa collection des Imaginaires, Anne Montel nous invite \u00e0 explorer<br \/>notre cr\u00e9ativit\u00e9. Inventer des m\u00e9tiers fantastiques, r\u00eaver notre maison<br \/>extraordinaire, imaginer un incroyable restaurant ou encore penser la<br \/>ville autrement, c\u2019est le voyage que propose l\u2019artiste dans ses livres.<br \/>Anne Montel, c\u2019est un univers au style doux et color\u00e9. D\u00e9couvre son<br \/>travail \u00e0 travers un atelier cr\u00e9atif ! <em>Gratuit, d\u00e8s 8 ans, places limit\u00e9es <\/em><br \/><em>Mercredi 19 novembre, 14 h 30 &#8211; 16 h, m\u00e9diath\u00e8que de Bodilis<\/em><br \/>Le programme complet du festival <strong>Les Mondes imaginaire<\/strong>s est <a href=\"https:\/\/www.labaiedeslivres.com\/wp-content\/uploads\/2025\/10\/Brochure-A4_-Les-Mondes-Imaginaires.pdf\">ICI<\/a><\/p>\n<\/div><\/div>\n\n\n\n<div class=\"wp-block-media-text alignwide has-media-on-the-right is-stacked-on-mobile\" style=\"grid-template-columns:auto 15%\"><div class=\"wp-block-media-text__content\">\n<p><strong>Kaozeadenn vrezhoneg <\/strong>Causerie en breton avec avec Raoul Ferey<br \/>Ty Rodo\u00f9, pr\u00e9sentation de la Tiny house bretonne construite \u00e0 Landeleau<br \/><em>Mercredi 19 novembre, Le Tempo, 20 h 30, gratuit<\/em><br \/><\/p>\n<\/div><figure class=\"wp-block-media-text__media\"><img loading=\"lazy\" decoding=\"async\" width=\"108\" height=\"150\" src=\"https:\/\/www.labaiedeslivres.com\/wp-content\/uploads\/2025\/10\/logo-tyrodou-p.png\" alt=\"\" class=\"wp-image-6276 size-thumbnail\"\/><\/figure><\/div>\n\n\n\n<div class=\"wp-block-media-text alignwide is-stacked-on-mobile\" style=\"grid-template-columns:15% auto\"><figure class=\"wp-block-media-text__media\"><img loading=\"lazy\" decoding=\"async\" width=\"500\" height=\"377\" src=\"https:\/\/www.labaiedeslivres.com\/wp-content\/uploads\/2025\/10\/logo-saif-3l-1.png\" alt=\"\" class=\"wp-image-6261 size-thumbnail\" srcset=\"https:\/\/www.labaiedeslivres.com\/wp-content\/uploads\/2025\/10\/logo-saif-3l-1.png 500w, https:\/\/www.labaiedeslivres.com\/wp-content\/uploads\/2025\/10\/logo-saif-3l-1-300x226.png 300w\" sizes=\"auto, (max-width: 500px) 100vw, 500px\" \/><\/figure><div class=\"wp-block-media-text__content\">\n<p><strong>Rencontre avec La SAIF<\/strong> Pr\u00e9sentation et \u00e9changes autour du droit d\u2019auteur dans les arts visuels et des missions de la SAIF, avec Guillaume Lanneau, pr\u00e9sident et artiste-auteur. <br \/>Rencontre ouverte aux auteur\u00b7ices, professionnel\u00b7les et aux curieux\u00b7ses. <em>Vendredi 21 novembre de 17h30 \u00e0 18h30<\/em> <em>au Roudour<\/em><br \/><\/p>\n<\/div><\/div>\n\n\n\n<div class=\"wp-block-media-text alignwide is-stacked-on-mobile\" style=\"grid-template-columns:15% auto\"><figure class=\"wp-block-media-text__media\"><img loading=\"lazy\" decoding=\"async\" width=\"1024\" height=\"1024\" src=\"https:\/\/www.labaiedeslivres.com\/wp-content\/uploads\/2025\/10\/poids-livres-1024x1024.png\" alt=\"\" class=\"wp-image-6273 size-thumbnail\" srcset=\"https:\/\/www.labaiedeslivres.com\/wp-content\/uploads\/2025\/10\/poids-livres-1024x1024.png 1024w, https:\/\/www.labaiedeslivres.com\/wp-content\/uploads\/2025\/10\/poids-livres-300x300.png 300w, https:\/\/www.labaiedeslivres.com\/wp-content\/uploads\/2025\/10\/poids-livres-150x150.png 150w, https:\/\/www.labaiedeslivres.com\/wp-content\/uploads\/2025\/10\/poids-livres.png 1080w\" sizes=\"auto, (max-width: 1024px) 100vw, 1024px\" \/><\/figure><div class=\"wp-block-media-text__content\">\n<p>Concours sur les r\u00e9seaux des librairies :<strong> trouve le poids des livres de chaque auteur !<\/strong> \u00c0 gagner une affiche et un go\u00fbter au salon. <br \/><em>Les D\u00e9ferlantes \u00e0 Morlaix, Livres in room \u00e0 St-Pol de L\u00e9on ou L&rsquo;ivresse des mots \u00e0 Lampaul-Guimiliau<\/em><\/p>\n<\/div><\/div>\n\n\n\n<p><\/p>\n","protected":false},"excerpt":{"rendered":"<p>Rencontre avec S\u00e9bastien Gendron, qui n&rsquo;a pas pu venir pendant le salon du livre : jeudi 15 janvier aux D\u00e9ferlantes Auteur d&rsquo;une dizaine de romans noirs et de romans ados, il est aussi r\u00e9alisateur, sc\u00e9nariste&#8230;<\/p>\n","protected":false},"author":2,"featured_media":0,"parent":0,"menu_order":0,"comment_status":"closed","ping_status":"closed","template":"","meta":{"footnotes":""},"class_list":["post-6252","page","type-page","status-publish","hentry"],"_links":{"self":[{"href":"https:\/\/www.labaiedeslivres.com\/index.php?rest_route=\/wp\/v2\/pages\/6252","targetHints":{"allow":["GET"]}}],"collection":[{"href":"https:\/\/www.labaiedeslivres.com\/index.php?rest_route=\/wp\/v2\/pages"}],"about":[{"href":"https:\/\/www.labaiedeslivres.com\/index.php?rest_route=\/wp\/v2\/types\/page"}],"author":[{"embeddable":true,"href":"https:\/\/www.labaiedeslivres.com\/index.php?rest_route=\/wp\/v2\/users\/2"}],"replies":[{"embeddable":true,"href":"https:\/\/www.labaiedeslivres.com\/index.php?rest_route=%2Fwp%2Fv2%2Fcomments&post=6252"}],"version-history":[{"count":25,"href":"https:\/\/www.labaiedeslivres.com\/index.php?rest_route=\/wp\/v2\/pages\/6252\/revisions"}],"predecessor-version":[{"id":6341,"href":"https:\/\/www.labaiedeslivres.com\/index.php?rest_route=\/wp\/v2\/pages\/6252\/revisions\/6341"}],"wp:attachment":[{"href":"https:\/\/www.labaiedeslivres.com\/index.php?rest_route=%2Fwp%2Fv2%2Fmedia&parent=6252"}],"curies":[{"name":"wp","href":"https:\/\/api.w.org\/{rel}","templated":true}]}}